{"id":260,"date":"2018-08-06T04:13:32","date_gmt":"2018-08-06T04:13:32","guid":{"rendered":"http:\/\/localhost\/autoser\/?page_id=260"},"modified":"2019-08-26T15:05:52","modified_gmt":"2019-08-26T15:05:52","slug":"servicios","status":"publish","type":"page","link":"https:\/\/malenauto.com.ar\/servicios\/","title":{"rendered":"SERVICIOS"},"content":{"rendered":"<p>[vc_row][vc_column width=\u00bb2\/3&#8243;]    \n    <div class=\"wprt-thumb-slider \" data-width=\"134.5\" data-margin=\"14\">\n        <div id=\"wprt-slider\" class=\"flexslider\">\n            <ul class=\"slides\">\n                                    <li class=\"flex-active-slide\">\n                        <a class=\"zoom-popup\" href=\"https:\/\/malenauto.com.ar\/wp-content\/uploads\/2019\/07\/FOTO1.png\"><i class=\"rt-icon-zoom-in-2\"><\/i><\/a>\n                        <img src=\"https:\/\/malenauto.com.ar\/wp-content\/uploads\/2019\/07\/FOTO1.png\" alt=\"\" \/>\n                    <\/li>\n                                    <li class=\"flex-active-slide\">\n                        <a class=\"zoom-popup\" href=\"https:\/\/malenauto.com.ar\/wp-content\/uploads\/2019\/07\/FOTO2.png\"><i class=\"rt-icon-zoom-in-2\"><\/i><\/a>\n                        <img src=\"https:\/\/malenauto.com.ar\/wp-content\/uploads\/2019\/07\/FOTO2.png\" alt=\"\" \/>\n                    <\/li>\n                                    <li class=\"flex-active-slide\">\n                        <a class=\"zoom-popup\" href=\"https:\/\/malenauto.com.ar\/wp-content\/uploads\/2019\/07\/FOTO3.png\"><i class=\"rt-icon-zoom-in-2\"><\/i><\/a>\n                        <img src=\"https:\/\/malenauto.com.ar\/wp-content\/uploads\/2019\/07\/FOTO3.png\" alt=\"\" \/>\n                    <\/li>\n                                    <li class=\"flex-active-slide\">\n                        <a class=\"zoom-popup\" href=\"https:\/\/malenauto.com.ar\/wp-content\/uploads\/2019\/07\/FOTO4.png\"><i class=\"rt-icon-zoom-in-2\"><\/i><\/a>\n                        <img src=\"https:\/\/malenauto.com.ar\/wp-content\/uploads\/2019\/07\/FOTO4.png\" alt=\"\" \/>\n                    <\/li>\n                                    <li class=\"flex-active-slide\">\n                        <a class=\"zoom-popup\" href=\"https:\/\/malenauto.com.ar\/wp-content\/uploads\/2019\/07\/FOTO5.png\"><i class=\"rt-icon-zoom-in-2\"><\/i><\/a>\n                        <img src=\"https:\/\/malenauto.com.ar\/wp-content\/uploads\/2019\/07\/FOTO5.png\" alt=\"\" \/>\n                    <\/li>\n                                    <li class=\"flex-active-slide\">\n                        <a class=\"zoom-popup\" href=\"https:\/\/malenauto.com.ar\/wp-content\/uploads\/2019\/07\/FOTO6.png\"><i class=\"rt-icon-zoom-in-2\"><\/i><\/a>\n                        <img src=\"https:\/\/malenauto.com.ar\/wp-content\/uploads\/2019\/07\/FOTO6.png\" alt=\"\" \/>\n                    <\/li>\n                                    <li class=\"flex-active-slide\">\n                        <a class=\"zoom-popup\" href=\"https:\/\/malenauto.com.ar\/wp-content\/uploads\/2019\/07\/FOTO7.png\"><i class=\"rt-icon-zoom-in-2\"><\/i><\/a>\n                        <img src=\"https:\/\/malenauto.com.ar\/wp-content\/uploads\/2019\/07\/FOTO7.png\" alt=\"\" \/>\n                    <\/li>\n                                    <li class=\"flex-active-slide\">\n                        <a class=\"zoom-popup\" href=\"https:\/\/malenauto.com.ar\/wp-content\/uploads\/2019\/07\/FOTO8.png\"><i class=\"rt-icon-zoom-in-2\"><\/i><\/a>\n                        <img src=\"https:\/\/malenauto.com.ar\/wp-content\/uploads\/2019\/07\/FOTO8.png\" alt=\"\" \/>\n                    <\/li>\n                                \n            <\/ul>\n        <\/div>\n\n        <div id=\"wprt-carousel\" class=\"flexslider\">\n            <ul class=\"slides\">\n                                    <li><img src=\"https:\/\/malenauto.com.ar\/wp-content\/uploads\/2019\/07\/FOTO1.png\" alt=\"\"><\/li>\n                                    <li><img src=\"https:\/\/malenauto.com.ar\/wp-content\/uploads\/2019\/07\/FOTO2.png\" alt=\"\"><\/li>\n                                    <li><img src=\"https:\/\/malenauto.com.ar\/wp-content\/uploads\/2019\/07\/FOTO3.png\" alt=\"\"><\/li>\n                                    <li><img src=\"https:\/\/malenauto.com.ar\/wp-content\/uploads\/2019\/07\/FOTO4.png\" alt=\"\"><\/li>\n                                    <li><img src=\"https:\/\/malenauto.com.ar\/wp-content\/uploads\/2019\/07\/FOTO5.png\" alt=\"\"><\/li>\n                                    <li><img src=\"https:\/\/malenauto.com.ar\/wp-content\/uploads\/2019\/07\/FOTO6.png\" alt=\"\"><\/li>\n                                    <li><img src=\"https:\/\/malenauto.com.ar\/wp-content\/uploads\/2019\/07\/FOTO7.png\" alt=\"\"><\/li>\n                                    <li><img src=\"https:\/\/malenauto.com.ar\/wp-content\/uploads\/2019\/07\/FOTO8.png\" alt=\"\"><\/li>\n                            <\/ul>\n        <\/div>\n    <\/div>  \n\n[vc_column_text]<\/p>\n<div class=\"wprt-spacer clearfix\" data-desktop=\"40\" data-mobi=\"30\" data-smobi=\"30\"><\/div>\n<h3>Nuestros servicios<\/h3>\n<p>[\/vc_column_text][vc_empty_space height=\u00bb50px\u00bb][\/vc_column][vc_column width=\u00bb1\/3&#8243;]\n    <div class=\"wprt-accordions style-2 \">\n                <div class=\"accordion-item no-icon \">\n            <h3 class=\"accordion-heading\">\n                <span class=\"inner\">SERVICIOS<\/span>\n            <\/h3>\n            <div class=\"accordion-content\">\n                <p>\u2022 Service integral<\/p>\n<p>\u2022 Reparaci\u00f3n de carroceria<\/p>\n<p>\u2022 Pintura de carroceria <\/p>\n<p>\u2022 Microbollos<\/p>\n<p>\u2022 Servicio de grua<\/p>\n<p>\u2022 Servicio de auto sustituto <\/p>\n\n            <\/div>\n        <\/div>\n                <div class=\"accordion-item no-icon \">\n            <h3 class=\"accordion-heading\">\n                <span class=\"inner\">INSTALACIONES<\/span>\n            <\/h3>\n            <div class=\"accordion-content\">\n                <p>Nos encontramos en barrio Pueyrred\u00f3n a 5 minutos de la zona centro de la ciudad de C\u00f3rdoba.<\/p>\n<p>Contamos con tres locaciones personalizadas, una de mec\u00e1nica de 300 metros cuadrados, otra de carrocer\u00eda y pintura de 400 metros cuadrados y por \u00faltimo una de 700 metros cuadrados que utilizamos como lavadero y playa de estacionamiento.<\/p>\n<p>Tambi\u00e9n contamos con una confortable sala de espera para recibir a nuestros clientes.<\/p>\n<p>Todas nuestras instalaciones cuentan con circuito cerrado de c\u00e1maras que brindan mayor seguridad.<\/p>\n            <\/div>\n        <\/div>\n                <div class=\"accordion-item no-icon \">\n            <h3 class=\"accordion-heading\">\n                <span class=\"inner\">TECNOLOG\u00cdA<\/span>\n            <\/h3>\n            <div class=\"accordion-content\">\n                <p>En Malen Auto trabajamos con computadoras y scanner de \u00faltima generaci\u00f3n y constante actualizaci\u00f3n, como el sistema XENTRY de Mercedes Benz, que garantiza un exacto diagn\u00f3stico en cada veh\u00edculo.<\/p>\n<p>En el \u00e1rea de carrocer\u00eda y pintura se encuentra nuestra cabina de pintura y secado con extractor de gases y alisado que asegura un acabado perfecto del trabajo realizado.<\/p>\n<p>Tambi\u00e9n contamos con laboratorio de colorimetr\u00eda donde trabajamos con materia prima que alcanza los est\u00e1ndares de calidad internacionales.<\/p>\n<p>Dentro de \u00e1rea de carrocer\u00eda se encuentra una bancada de estiramiento computarizada que garantiza una reparaci\u00f3n exacta.<\/p>\n            <\/div>\n        <\/div>\n            <\/div>\n        \n[\/vc_column][\/vc_row][vc_row css=\u00bb.vc_custom_1566829194286{padding-top: 90px !important;padding-bottom: 60px !important;}\u00bb][vc_column width=\u00bb2\/3&#8243; offset=\u00bbvc_col-lg-9&#8243;][vc_row_inner][vc_column_inner offset=\u00bbvc_col-md-4&#8243;]\n        <div class=\"wprt-icon-box clearfix has-width style-1 icon-top outline-type align-center rounded-100 w100 accent-bg \">\n        <div class=\"icon-wrap\">\n                        <i class=\"as-icon-suspension3\"><\/i>\n                    <\/div>\n        <h3 class=\"heading\">Service Integral<\/h3>\n\n        <div class=\"desc\"><\/div>\n\n        <div class=\"elm-btn\">\n                    <\/div>\n    <\/div>\n    \n[vc_empty_space height=\u00bb30px\u00bb]\n        <div class=\"wprt-icon-box clearfix has-width style-1 icon-top outline-type align-center rounded-100 w100 accent-bg \">\n        <div class=\"icon-wrap\">\n                        <i class=\"as-icon-car-parts-3\"><\/i>\n                    <\/div>\n        <h3 class=\"heading\">Microbollos<\/h3>\n\n        <div class=\"desc\"><\/div>\n\n        <div class=\"elm-btn\">\n                    <\/div>\n    <\/div>\n    \n[vc_column_text]<\/p>\n<div class=\"wprt-spacer clearfix\" data-desktop=\"0\" data-mobi=\"25\" data-smobi=\"25\"><\/div>\n<p>[\/vc_column_text][\/vc_column_inner][vc_column_inner offset=\u00bbvc_col-md-4&#8243;]\n        <div class=\"wprt-icon-box clearfix has-width style-1 icon-top outline-type align-center rounded-100 w100 accent-bg \">\n        <div class=\"icon-wrap\">\n                        <i class=\"as-icon-inspection\"><\/i>\n                    <\/div>\n        <h3 class=\"heading\">Reparaci\u00f3n de carrocer\u00eda<\/h3>\n\n        <div class=\"desc\"><\/div>\n\n        <div class=\"elm-btn\">\n                    <\/div>\n    <\/div>\n    \n[vc_empty_space height=\u00bb30px\u00bb]\n        <div class=\"wprt-icon-box clearfix has-width style-1 icon-top outline-type align-center rounded-100 w100 accent-bg \">\n        <div class=\"icon-wrap\">\n                        <i class=\"as-icon-mechanic\"><\/i>\n                    <\/div>\n        <h3 class=\"heading\">Servicio de gr\u00faa<\/h3>\n\n        <div class=\"desc\"><\/div>\n\n        <div class=\"elm-btn\">\n                    <\/div>\n    <\/div>\n    \n[vc_column_text]<\/p>\n<div class=\"wprt-spacer clearfix\" data-desktop=\"0\" data-mobi=\"25\" data-smobi=\"25\"><\/div>\n<p>[\/vc_column_text][\/vc_column_inner][vc_column_inner offset=\u00bbvc_col-md-4&#8243;]\n        <div class=\"wprt-icon-box clearfix has-width style-1 icon-top outline-type align-center rounded-100 w100 accent-bg \">\n        <div class=\"icon-wrap\">\n                        <i class=\"as-icon-car-parts-27\"><\/i>\n                    <\/div>\n        <h3 class=\"heading\">Pintura de carrocer\u00eda<\/h3>\n\n        <div class=\"desc\"><\/div>\n\n        <div class=\"elm-btn\">\n                    <\/div>\n    <\/div>\n    \n[vc_empty_space height=\u00bb30px\u00bb]\n        <div class=\"wprt-icon-box clearfix has-width style-1 icon-top outline-type align-center rounded-100 w100 accent-bg \">\n        <div class=\"icon-wrap\">\n                        <i class=\"as-icon-diagnostic\"><\/i>\n                    <\/div>\n        <h3 class=\"heading\">Servicio de auto sustituto<\/h3>\n\n        <div class=\"desc\"><\/div>\n\n        <div class=\"elm-btn\">\n                    <\/div>\n    <\/div>\n    \n[\/vc_column_inner][\/vc_row_inner][vc_column_text]<\/p>\n<div class=\"wprt-spacer clearfix\" data-desktop=\"45\" data-mobi=\"40\" data-smobi=\"40\"><\/div>\n<div class=\"wprt-divider divider-center divider-solid\"><\/div>\n<div class=\"wprt-spacer clearfix\" data-desktop=\"45\" data-mobi=\"35\" data-smobi=\"35\"><\/div>\n<h3>Trabajos garantizados<\/h3>\n<ul>\n<li>Manejamos todas las marcas y modelos y nos especializamos en m\u00e1s de 40 marcas de autom\u00f3viles.<\/li>\n<li>Estamos avalados por la oficina de est\u00e1ndares comerciales locales.<\/li>\n<li>Todos nuestros mec\u00e1nicos y t\u00e9cnicos est\u00e1n equipados con la \u00faltima tecnolog\u00eda port\u00e1til.<\/li>\n<\/ul>\n<div class=\"wprt-spacer clearfix\" data-desktop=\"10\" data-mobi=\"10\" data-smobi=\"10\"><\/div>\n<p>[\/vc_column_text][\/vc_column][vc_column width=\u00bb1\/3&#8243;][\/vc_column][\/vc_row][vc_row][vc_column][vc_wp_text]\t\t\t\t<style>\n\t\t\t#wpls-logo-showcase-slider-1 .wp-post-image,\n\t\t\t#wpls-logo-showcase-slider-1 .wp-post-image img.wp-post-image{max-height:250px; }\n\t\t<\/style>\n\t\t<div class=\"wpls-logo-showcase-slider-wrp wpls-logo-clearfix\">\n\t\t\t<div class=\"wpls-logo-showcase logo_showcase wpls-logo-slider  wpls-design-1 center sliderimage_hide_border\" id=\"wpls-logo-showcase-slider-1\" >\n\t\t\t\t\n<div class=\"wpls-logo-cnt\">\t\n\t<div class=\"wpls-fix-box\">\t\t\n\t\t\t\t\t\n\t\t\t<img class=\"wp-post-image\" src=\"https:\/\/malenauto.com.ar\/wp-content\/uploads\/2019\/07\/behr.png\" alt=\"\" \/>\t\t\n\t\t\t\n\t<\/div>\n\t<\/div>\n<div class=\"wpls-logo-cnt\">\t\n\t<div class=\"wpls-fix-box\">\t\t\n\t\t\t\t\t\n\t\t\t<img class=\"wp-post-image\" src=\"https:\/\/malenauto.com.ar\/wp-content\/uploads\/2019\/07\/bilstein.png\" alt=\"\" \/>\t\t\n\t\t\t\n\t<\/div>\n\t<\/div>\n<div class=\"wpls-logo-cnt\">\t\n\t<div class=\"wpls-fix-box\">\t\t\n\t\t\t\t\t\n\t\t\t<img class=\"wp-post-image\" src=\"https:\/\/malenauto.com.ar\/wp-content\/uploads\/2019\/07\/brembo.png\" alt=\"\" \/>\t\t\n\t\t\t\n\t<\/div>\n\t<\/div>\n<div class=\"wpls-logo-cnt\">\t\n\t<div class=\"wpls-fix-box\">\t\t\n\t\t\t\t\t\n\t\t\t<img class=\"wp-post-image\" src=\"https:\/\/malenauto.com.ar\/wp-content\/uploads\/2019\/07\/continental-contitech.png\" alt=\"\" \/>\t\t\n\t\t\t\n\t<\/div>\n\t<\/div>\n<div class=\"wpls-logo-cnt\">\t\n\t<div class=\"wpls-fix-box\">\t\t\n\t\t\t\t\t\n\t\t\t<img class=\"wp-post-image\" src=\"https:\/\/malenauto.com.ar\/wp-content\/uploads\/2019\/07\/delphi.png\" alt=\"\" \/>\t\t\n\t\t\t\n\t<\/div>\n\t<\/div>\n<div class=\"wpls-logo-cnt\">\t\n\t<div class=\"wpls-fix-box\">\t\t\n\t\t\t\t\t\n\t\t\t<img class=\"wp-post-image\" src=\"https:\/\/malenauto.com.ar\/wp-content\/uploads\/2019\/07\/magneti-marelli.png\" alt=\"\" \/>\t\t\n\t\t\t\n\t<\/div>\n\t<\/div>\n<div class=\"wpls-logo-cnt\">\t\n\t<div class=\"wpls-fix-box\">\t\t\n\t\t\t\t\t\n\t\t\t<img class=\"wp-post-image\" src=\"https:\/\/malenauto.com.ar\/wp-content\/uploads\/2019\/07\/ngk.png\" alt=\"\" \/>\t\t\n\t\t\t\n\t<\/div>\n\t<\/div>\n<div class=\"wpls-logo-cnt\">\t\n\t<div class=\"wpls-fix-box\">\t\t\n\t\t\t\t\t\n\t\t\t<img class=\"wp-post-image\" src=\"https:\/\/malenauto.com.ar\/wp-content\/uploads\/2019\/07\/febi-bilstein.png\" alt=\"\" \/>\t\t\n\t\t\t\n\t<\/div>\n\t<\/div>\n<div class=\"wpls-logo-cnt\">\t\n\t<div class=\"wpls-fix-box\">\t\t\n\t\t\t\t\t\n\t\t\t<img class=\"wp-post-image\" src=\"https:\/\/malenauto.com.ar\/wp-content\/uploads\/2019\/07\/sachs.png\" alt=\"\" \/>\t\t\n\t\t\t\n\t<\/div>\n\t<\/div>\n<div class=\"wpls-logo-cnt\">\t\n\t<div class=\"wpls-fix-box\">\t\t\n\t\t\t\t\t\n\t\t\t<img class=\"wp-post-image\" src=\"https:\/\/malenauto.com.ar\/wp-content\/uploads\/2019\/07\/siemens.png\" alt=\"\" \/>\t\t\n\t\t\t\n\t<\/div>\n\t<\/div>\n<div class=\"wpls-logo-cnt\">\t\n\t<div class=\"wpls-fix-box\">\t\t\n\t\t\t\t\t\n\t\t\t<img class=\"wp-post-image\" src=\"https:\/\/malenauto.com.ar\/wp-content\/uploads\/2019\/07\/bosch.png\" alt=\"\" \/>\t\t\n\t\t\t\n\t<\/div>\n\t<\/div>\n<div class=\"wpls-logo-cnt\">\t\n\t<div class=\"wpls-fix-box\">\t\t\n\t\t\t\t\t\n\t\t\t<img class=\"wp-post-image\" src=\"https:\/\/malenauto.com.ar\/wp-content\/uploads\/2019\/07\/michelin.png\" alt=\"\" \/>\t\t\n\t\t\t\n\t<\/div>\n\t<\/div>\t\t\t<\/div>\n\t\t\t<div class=\"wpls-logo-showacse-slider-conf\" data-conf=\"{&quot;slides_column&quot;:&quot;5&quot;,&quot;slides_scroll&quot;:&quot;1&quot;,&quot;dots&quot;:&quot;true&quot;,&quot;arrows&quot;:&quot;true&quot;,&quot;autoplay&quot;:&quot;true&quot;,&quot;autoplay_interval&quot;:&quot;2000&quot;,&quot;loop&quot;:&quot;true&quot;,&quot;rtl&quot;:&quot;false&quot;,&quot;speed&quot;:&quot;1000&quot;,&quot;center_mode&quot;:&quot;true&quot;}\"><\/div>\n\t\t<\/div>\n\t\t\t\n\t\t[\/vc_wp_text][\/vc_column][\/vc_row]<\/p>\n","protected":false},"excerpt":{"rendered":"<p>[vc_row][vc_column width=\u00bb2\/3&#8243;][vc_column_text] Nuestros servicios [\/vc_column_text][vc_empty_space height=\u00bb50px\u00bb][\/vc_column][vc_column width=\u00bb1\/3&#8243;][\/vc_column][\/vc_row][vc_row css=\u00bb.vc_custom_1566829194286{padding-top: 90px !important;padding-bottom: 60px !important;}\u00bb][vc_column width=\u00bb2\/3&#8243; offset=\u00bbvc_col-lg-9&#8243;][vc_row_inner][vc_column_inner offset=\u00bbvc_col-md-4&#8243;][vc_empty_space height=\u00bb30px\u00bb][vc_column_text] [\/vc_column_text][\/vc_column_inner][vc_column_inner offset=\u00bbvc_col-md-4&#8243;][vc_empty_space height=\u00bb30px\u00bb][vc_column_text] [\/vc_column_text][\/vc_column_inner][vc_column_inner offset=\u00bbvc_col-md-4&#8243;][vc_empty_space height=\u00bb30px\u00bb][\/vc_column_inner][\/vc_row_inner][vc_column_text] Trabajos garantizados Manejamos todas las marcas y modelos y nos especializamos en m\u00e1s de 40 marcas de autom\u00f3viles. Estamos avalados por la oficina de est\u00e1ndares comerciales locales. Todos nuestros mec\u00e1nicos y t\u00e9cnicos est\u00e1n [&hellip;]<\/p>\n","protected":false},"author":1,"featured_media":0,"parent":0,"menu_order":0,"comment_status":"closed","ping_status":"closed","template":"page-templates\/template-fullwidth.php","meta":[],"_links":{"self":[{"href":"https:\/\/malenauto.com.ar\/wp-json\/wp\/v2\/pages\/260"}],"collection":[{"href":"https:\/\/malenauto.com.ar\/wp-json\/wp\/v2\/pages"}],"about":[{"href":"https:\/\/malenauto.com.ar\/wp-json\/wp\/v2\/types\/page"}],"author":[{"embeddable":true,"href":"https:\/\/malenauto.com.ar\/wp-json\/wp\/v2\/users\/1"}],"replies":[{"embeddable":true,"href":"https:\/\/malenauto.com.ar\/wp-json\/wp\/v2\/comments?post=260"}],"version-history":[{"count":16,"href":"https:\/\/malenauto.com.ar\/wp-json\/wp\/v2\/pages\/260\/revisions"}],"predecessor-version":[{"id":957,"href":"https:\/\/malenauto.com.ar\/wp-json\/wp\/v2\/pages\/260\/revisions\/957"}],"wp:attachment":[{"href":"https:\/\/malenauto.com.ar\/wp-json\/wp\/v2\/media?parent=260"}],"curies":[{"name":"wp","href":"https:\/\/api.w.org\/{rel}","templated":true}]}}